{"id":67,"date":"2021-05-14T17:33:10","date_gmt":"2021-05-14T16:33:10","guid":{"rendered":"http:\/\/kircheamplatz.de\/?page_id=67"},"modified":"2021-05-16T21:23:29","modified_gmt":"2021-05-16T20:23:29","slug":"biblische-impulse","status":"publish","type":"page","link":"https:\/\/kircheamplatz.de\/?page_id=67","title":{"rendered":"Biblische Impulse"},"content":{"rendered":"\n<figure class=\"wp-block-image size-full\"><img loading=\"lazy\" decoding=\"async\" width=\"2000\" height=\"1143\" src=\"https:\/\/kircheamplatz.de\/wp-content\/uploads\/2021\/05\/2019-06-15-Dorfplatzfest-Bettenhausen-20190615_164325.jpg\" alt=\"Kirche am Platz Dorfplatzfest Kassel-Bettenhausen 2019\" class=\"wp-image-36\" srcset=\"https:\/\/kircheamplatz.de\/wp-content\/uploads\/2021\/05\/2019-06-15-Dorfplatzfest-Bettenhausen-20190615_164325.jpg 2000w, https:\/\/kircheamplatz.de\/wp-content\/uploads\/2021\/05\/2019-06-15-Dorfplatzfest-Bettenhausen-20190615_164325-300x171.jpg 300w, https:\/\/kircheamplatz.de\/wp-content\/uploads\/2021\/05\/2019-06-15-Dorfplatzfest-Bettenhausen-20190615_164325-1024x585.jpg 1024w, https:\/\/kircheamplatz.de\/wp-content\/uploads\/2021\/05\/2019-06-15-Dorfplatzfest-Bettenhausen-20190615_164325-768x439.jpg 768w, https:\/\/kircheamplatz.de\/wp-content\/uploads\/2021\/05\/2019-06-15-Dorfplatzfest-Bettenhausen-20190615_164325-1536x878.jpg 1536w, https:\/\/kircheamplatz.de\/wp-content\/uploads\/2021\/05\/2019-06-15-Dorfplatzfest-Bettenhausen-20190615_164325-100x57.jpg 100w, https:\/\/kircheamplatz.de\/wp-content\/uploads\/2021\/05\/2019-06-15-Dorfplatzfest-Bettenhausen-20190615_164325-150x86.jpg 150w, https:\/\/kircheamplatz.de\/wp-content\/uploads\/2021\/05\/2019-06-15-Dorfplatzfest-Bettenhausen-20190615_164325-200x114.jpg 200w, https:\/\/kircheamplatz.de\/wp-content\/uploads\/2021\/05\/2019-06-15-Dorfplatzfest-Bettenhausen-20190615_164325-450x257.jpg 450w, https:\/\/kircheamplatz.de\/wp-content\/uploads\/2021\/05\/2019-06-15-Dorfplatzfest-Bettenhausen-20190615_164325-600x343.jpg 600w, https:\/\/kircheamplatz.de\/wp-content\/uploads\/2021\/05\/2019-06-15-Dorfplatzfest-Bettenhausen-20190615_164325-900x514.jpg 900w\" sizes=\"auto, (max-width: 2000px) 100vw, 2000px\" \/><figcaption>Kirche am Platz Dorfplatzfest Kassel-Bettenhausen 2019<\/figcaption><\/figure>\n\n\n\n<p><strong>Mut fassen | Mut machen<\/strong><\/p>\n\n\n\n<p>Die Begegnungen, Erfahrungen, Gespr\u00e4che an der \u201eKirche am Platz\u201c, aber genauso die mit dieser T\u00e4tigkeit einhergehenden Entt\u00e4uschungen bringen mich in unmittelbaren Kontakt zu Worten aus der Bibel. Dabei wird klar: Das Evangelium ist mehr als nur Erinnerung an Vergangenes, es ereignet sich hier und jetzt. Auch heute schickt Jesus die Seinen in die \u201eD\u00f6rfer und St\u00e4dte Galil\u00e4as\u201c aus, um dort nach den Menschen zu suchen, und in dem Moment da zu sein, wo sich bei ihnen durch Lebenssituation oder Krise der Wunsch nach Aufmerksamkeit und Zuwendung einstellt.<\/p>\n\n\n<style>.wp-block-kadence-spacer.kt-block-spacer-_1a5a4e-e7 .kt-block-spacer{height:60px;}.wp-block-kadence-spacer.kt-block-spacer-_1a5a4e-e7 .kt-divider{border-top-width:1px;height:1px;border-top-color:#eee;width:80%;border-top-style:solid;}<\/style>\n<div class=\"wp-block-kadence-spacer aligncenter kt-block-spacer-_1a5a4e-e7\"><div class=\"kt-block-spacer kt-block-spacer-halign-center\" style=\"height:60px\"><hr class=\"kt-divider\" style=\"border-top-color:rgba(238, 238, 238, 1);border-top-width:1px;width:80%;border-top-style:solid\"\/><\/div><\/div>\n\n\n\n<p><strong>\u201eMit Hilfe des Anf\u00fchrers der D\u00e4monen treibt er die D\u00e4monen aus.\u201c<\/strong><\/p>\n\n\n\n<p><em>(Lukasevangelium, Kapitel 11, Vers 15)<\/em><\/p>\n\n\n\n<p>Menschen sind in ihrer Feindschaft zu Jesus so gefangen, dass sie ihm selbst da, wo er Menschen von lebensfeindlichen Kr\u00e4ften befreit, B\u00f6ses unterstellen. Etwas davon finden wir in unserer Gegenwart wieder: Viele k\u00f6nnen heute von der Kirche, ja von der christlichen Kultur \u00fcberhaupt, nur noch Schlechtes denken. Ihnen ist unvorstellbar, dass die Kirche, die Glaubensgemeinschaft der Christen, unendlich viel Gutes f\u00fcr die Menschheit getan hat und unerm\u00fcdlich tut. Diese Tatsache soll die dunklen Seiten der Kirchengeschichte keineswegs verdr\u00e4ngen. Das Resultat aber ist, dass unsere Gesellschaft gerade dabei ist, die Wurzeln abzuschneiden, aus denen sie lebt. Was folgt daraus heute? Christen m\u00f6gen hinausgehen und dort sichtbar werden, wo die Kirche nicht mehr ist und keine Rolle mehr spielt. Das k\u00f6nnen sie angesichts der Realit\u00e4t eigener Gebrochenheit und Fehlerhaftigkeit dem\u00fctig und bescheiden tun, zugleich aber selbstbewusst und stolz \u00fcber das, was Gottes Geist in seiner Kirche und durch seine Kirche bewirkt.<\/p>\n\n\n<style>.wp-block-kadence-spacer.kt-block-spacer-_bf8a76-cf .kt-block-spacer{height:60px;}.wp-block-kadence-spacer.kt-block-spacer-_bf8a76-cf .kt-divider{border-top-width:1px;height:1px;border-top-color:#eee;width:80%;border-top-style:solid;}<\/style>\n<div class=\"wp-block-kadence-spacer aligncenter kt-block-spacer-_bf8a76-cf\"><div class=\"kt-block-spacer kt-block-spacer-halign-center\" style=\"height:60px\"><hr class=\"kt-divider\" style=\"border-top-color:rgba(238, 238, 238, 1);border-top-width:1px;width:80%;border-top-style:solid\"\/><\/div><\/div>\n\n\n\n<p><strong>\u201eWir wollen ans andere Ufer hin\u00fcberfahren.\u201c<\/strong><\/p>\n\n\n\n<p><em>(Markusevangelium, Kapitel 4, Vers 35).<\/em><\/p>\n\n\n\n<p>Das sagte Jesus zu seinen J\u00fcngern, und sie stiegen mit ihm ins Boot. Es folgt die Erz\u00e4hlung vom Sturm auf dem See, dem Jesus Einhalt gebietet, und worauf er sie fragt: \u201eWarum habt ihr solche Angst? Habt ihr noch keinen Glauben?\u201c Dann kommen sie am \u201eanderen Ufer\u201c an und erleben eine Welt, die unheimlich, fremd und verschlossen ist. Auch dort kommt es dazu, dass Jesus einen von D\u00e4monen besessenen Menschen heilt. Aber die Menschen, die dort wohnen, \u201ebaten ihn, ihr Gebiet zu verlassen\u201c (Mk 5, 1-17).<\/p>\n\n\n\n<p>Wer sich auf die Stra\u00dfen und in die Parks aufmacht und dort ohne spektakul\u00e4ren Aufwand und lautes Get\u00f6se unter den Menschen sein will, der begibt sich auch gewisserma\u00dfen ans \u201eandere Ufer\u201c. Ihm begegnen dort Fremdheit und Desinteresse, und er sp\u00fcrt den tiefen kulturellen Bruch, der die nach wie vor existierende kirchliche Binnenwelt vom Lebensgef\u00fchl und der Lebenswirklichkeit der Menschen entr\u00fcckt hat.<\/p>\n\n\n\n<p>Da f\u00fchlen wir uns in der Kirche viel wohler, wenn wir es sind, die einladen (etwa zu einem Konzert oder einem interessanten Vortrag), und wenn die Menschen dann zu uns kommen. Und trotzdem: \u201eWir wollen ans andere Ufer hin\u00fcberfahren.\u201c Damals gab es nach der R\u00fcckkehr von dort kein Erfolgserlebnis, aber ganz offensichtlich war es Jesus wichtig, dass seine Freunde diese Erfahrung machen.<\/p>\n\n\n<style>.wp-block-kadence-spacer.kt-block-spacer-_4c890d-16 .kt-block-spacer{height:60px;}.wp-block-kadence-spacer.kt-block-spacer-_4c890d-16 .kt-divider{border-top-width:1px;height:1px;border-top-color:#eee;width:80%;border-top-style:solid;}<\/style>\n<div class=\"wp-block-kadence-spacer aligncenter kt-block-spacer-_4c890d-16\"><div class=\"kt-block-spacer kt-block-spacer-halign-center\" style=\"height:60px\"><hr class=\"kt-divider\" style=\"border-top-color:rgba(238, 238, 238, 1);border-top-width:1px;width:80%;border-top-style:solid\"\/><\/div><\/div>\n\n\n\n<p><strong>\u201eSie hatte von Jesus geh\u00f6rt.\u201c<\/strong><\/p>\n\n\n\n<p><em>(Markusevangelium, Kapitel 5, Vers 27).\u201c<\/em><\/p>\n\n\n\n<p>Eine Frau litt an Blutungen und hat sich \u00fcber viele Jahre \u00e4rztlich behandeln lassen, ohne dass es ihr geholfen hat. Nun hatte sie von Jesus geh\u00f6rt und erfuhr, dass er sich gerade im Ort aufhielt. Da setzte sie alles daran, um zu ihm zu kommen, denn sie sagte sich: \u201eWenn ich auch nur sein Gewand ber\u00fchre, werde ich geheilt.\u201c<\/p>\n\n\n\n<p>Zwei Impulse ergeben sich daraus f\u00fcr eine kirchliche Pr\u00e4senz au\u00dferhalb der eigenen Kirchen, Gemeindeh\u00e4user und Einrichtungen: Ihre wichtigste Aufgabe ist, dass Menschen, die da vor\u00fcbergehen, (erneut) \u201evon Jesus h\u00f6ren\u201c. Das Wichtigste jedoch l\u00e4sst sich nicht \u201emachen\u201c! Im Bild des Evangeliums: Damit die Frau Jesus begegnen kann, muss er gerade am Ort sein. Darum m\u00f6gen wir beten (und wenn Sie m\u00f6gen, schlie\u00dfen Sie sich dieser Gebetsbitte an):<\/p>\n\n\n\n<p>Herr Jesus Christus, du hast alles gut gemacht. \u00d6ffne unsere Herzen und Sinne, sei Du in unserer Mitte und lass uns zusammen mit den Menschen, die auf den Stra\u00dfen unterwegs sind, das gro\u00dfe Geschenk deiner Gegenwart erfahren. Gib, dass wir in der Gemeinschaft mit dir die Kraft finden, die unser Leben verwandelt und die uns zu Botinnen und Boten deiner frohen Botschaft macht. Amen.<\/p>\n\n\n<style>.wp-block-kadence-spacer.kt-block-spacer-_dedcf0-80 .kt-block-spacer{height:60px;}.wp-block-kadence-spacer.kt-block-spacer-_dedcf0-80 .kt-divider{border-top-width:1px;height:1px;border-top-color:#eee;width:80%;border-top-style:solid;}<\/style>\n<div class=\"wp-block-kadence-spacer aligncenter kt-block-spacer-_dedcf0-80\"><div class=\"kt-block-spacer kt-block-spacer-halign-center\" style=\"height:60px\"><hr class=\"kt-divider\" style=\"border-top-color:rgba(238, 238, 238, 1);border-top-width:1px;width:80%;border-top-style:solid\"\/><\/div><\/div>\n\n\n\n<p><strong>\u201eAls Simon und seine Begleiter Jesus fanden, sagten sie zu ihm: Alle suchen dich. Er antwortete: Lasst uns anderswohin gehen, in die benachbarten D\u00f6rfer, damit ich auch dort predige; denn dazu bin ich gekommen.\u201c<\/strong><\/p>\n\n\n\n<p><em>(Markusevangelium, Kapitel 1, Verse 37-38)<\/em><\/p>\n\n\n\n<p>In Kafarnaum hat Jesus zu den Menschen gesprochen, Kranke und von unheilvollen Kr\u00e4ften besessene Menschen geheilt. Es ist klar, dass die Menschen dort Jesus bei sich behalten wollen. Trotzdem hat er sich ihnen entzogen, um woanders hin zu gehen. Dieses Bild l\u00e4sst sich gut auf die Situation in unseren Pfarreien \u00fcbertragen. \u201eHerr Pfarrer, Sie m\u00fcssen weiter bei uns die Messe halten!\u201c Genauso wie in Kafarnaum sind es \u201ealle\u201c, denen die Messfeier zur gewohnten Zeit in ihrer Kirche berechtigter- und naheliegender Weise am Herzen liegt. \u201eAlle\u201c &#8211; das sind hier die immer kleiner werdenden Kern- oder Gottesdienstgemeinden. Und doch: Indem Jesus sagt, \u201elasst uns anderswo hingehen\u201c, ist er uns auch darin Vorbild und Orientierung, um in Zukunft weiter eine Kirche f\u00fcr die Menschen sein zu k\u00f6nnen.<\/p>\n\n\n<style>.wp-block-kadence-spacer.kt-block-spacer-_f5007a-f4 .kt-block-spacer{height:60px;}.wp-block-kadence-spacer.kt-block-spacer-_f5007a-f4 .kt-divider{border-top-width:1px;height:1px;border-top-color:#eee;width:80%;border-top-style:solid;}<\/style>\n<div class=\"wp-block-kadence-spacer aligncenter kt-block-spacer-_f5007a-f4\"><div class=\"kt-block-spacer kt-block-spacer-halign-center\" style=\"height:60px\"><hr class=\"kt-divider\" style=\"border-top-color:rgba(238, 238, 238, 1);border-top-width:1px;width:80%;border-top-style:solid\"\/><\/div><\/div>\n\n\n\n<p><strong>\u201eIhr seid das Salz der Erde. Wenn das Salz seinen Geschmack verliert, womit kann man es wieder salzig machen? Es taugt zu nichts mehr; es wird weggeworfen und von den Leuten zertreten.\u201c<\/strong><\/p>\n\n\n\n<p><em>(Matth\u00e4usevangelium, Kapitel 5, Vers 13)<\/em><\/p>\n\n\n\n<p>Diese Worte spricht Jesus vom Berg aus zu den Menschen, die ihm gefolgt sind. Wovor er warnt, genau das ist st\u00e4ndige Realit\u00e4t auf der Stra\u00dfe: Die gro\u00dfe Mehrheit der Passanten l\u00e4uft am Stand von \u201eKirche am Platz\u201c vorbei. Die Menschen treten sinnbildlich gesehen dar\u00fcber hinweg. Dabei nehmen sie deutlich wahr, worum es geht, aber es ist f\u00fcr sie belanglos geworden. Hat da also das Salz seinen Geschmack verloren und taugt zu nichts mehr? Die Frage wirkt beklemmend, aber wir m\u00fcssen sie uns stellen. Jesus nennt seine Freundinnen und Freunde \u201eSalz der Erde\u201c und \u201eLicht der Welt\u201c. Das ist Zusage und Auftrag zugleich. Das, was sie bereits sind, m\u00f6chten sie werden, indem sie sich selbst dem Licht der Liebe Jesu \u00f6ffnen und so f\u00e4hig werden, es weiterzugeben. Der Bezugsrahmen aber ist die Welt au\u00dferhalb eines kirchlichen Binnenraums, in den sich zur\u00fcckzuziehen f\u00fcr viele J\u00fcnger Jesu unserer Zeit eine Versuchung liegt.<\/p>\n\n\n<style>.wp-block-kadence-spacer.kt-block-spacer-_1c52c0-15 .kt-block-spacer{height:60px;}.wp-block-kadence-spacer.kt-block-spacer-_1c52c0-15 .kt-divider{border-top-width:1px;height:1px;border-top-color:#eee;width:80%;border-top-style:solid;}<\/style>\n<div class=\"wp-block-kadence-spacer aligncenter kt-block-spacer-_1c52c0-15\"><div class=\"kt-block-spacer kt-block-spacer-halign-center\" style=\"height:60px\"><hr class=\"kt-divider\" style=\"border-top-color:rgba(238, 238, 238, 1);border-top-width:1px;width:80%;border-top-style:solid\"\/><\/div><\/div>\n\n\n\n<p><strong>\u201eGib mir zu trinken.\u201c<\/strong><\/p>\n\n\n\n<p><em>(Johannesevangelium, Kapitel 4, Vers 7b)<\/em><\/p>\n\n\n\n<p>Diese Bitte richtet Jesus an die samaritische Frau am Jakobsbrunnen. Der Kirchenvater Augustinus deutet es so: Jesus d\u00fcrstet nach dem Glauben der Frau. Genauso d\u00fcrstet ihm nach unserem Glauben und nach dem Glauben der Menschen, die weit abseits unserer Kirchen unterwegs sind. Es entwickelt sich ein Gespr\u00e4ch, wobei es scheint, als redeten beide einander vorbei. Wir haben religi\u00f6ses Wissen und wir haben Vorstellungen &#8211; und doch kann es sein, dass auch wir noch nicht bis an die Quelle gekommen sind. Ein weiteres kommt hinzu: Jesus bringt die Frau in Kontakt mit ihrer Lebenswirklichkeit. Sie f\u00fchrte ein zutiefst unmoralisches Leben. Das war wohl der Grund, dass sie zur gr\u00f6\u00dften Mittagshitze an den Brunnen kam, wo normalerweise niemand sch\u00f6pft, und sie niemandem aus dem Dorf begegnen muss. Aber dann aus der Begegnung mit Jesus hervorgegangen, kann sie befreit mit ihren Nachbarn auch dar\u00fcber sprechen, was sie getan hatte. So wird die Frau zur Mittlerin der frohen Botschaft. In der symbolischen Schriftdeutung sieht man in ihr die Kirche, die ja genauso ihre Schatten hat und aus der lebendigen Begegnung mit Jesus aufgerichtet werden will. Sie kann die Menschen im Dorf motivieren. Diese bitten Jesus, eine Weile bei ihnen zu bleiben. Dann sagen sie zu der Frau: \u201eNicht mehr aufgrund deiner Aussage glauben wir, sondern weil wir ihn selbst geh\u00f6rt haben.\u201c<\/p>\n\n\n\n<p>Das Ziel besteht darin, dass die Menschen selbst Jesus sehen und erkennen, wer er f\u00fcr sie ist. Dann brauchen sie unser Zeugnis nicht mehr, weil sie ja selbst in Kontakt gekommen sind. Darum geht es bei \u201eKirche am Platz\u201c: Die Menschen gehen zum \u201eBrunnen\u201c. Sie sind samstags in der City, um Notwendiges zu besorgen, sich und anderen einen Wunsch zu erf\u00fcllen, letztlich aber, um irgendwie ihrer Sehnsucht nachzugehen. Was ihnen am Stand von \u201eKirche am Platz\u201c geboten wird, ist eine Anregung, ein Impuls, eine Idee. Ob diese bei ihnen \u201efruchtet\u201c, steht nicht in unserer Macht. Auch davon spricht Jesus in unserem Evangelium: \u201eEiner s\u00e4t, und ein anderer erntet. Ich habe Euch gesandt, zu ernten, wof\u00fcr ihr nicht gearbeitet habt; andere haben gearbeitet, und ihr erntet die Fr\u00fcchte ihrer Arbeit (Joh 4, 38).\u201c<\/p>\n\n\n<style>.wp-block-kadence-spacer.kt-block-spacer-_e2e952-92 .kt-block-spacer{height:60px;}.wp-block-kadence-spacer.kt-block-spacer-_e2e952-92 .kt-divider{border-top-width:1px;height:1px;border-top-color:#eee;width:80%;border-top-style:solid;}<\/style>\n<div class=\"wp-block-kadence-spacer aligncenter kt-block-spacer-_e2e952-92\"><div class=\"kt-block-spacer kt-block-spacer-halign-center\" style=\"height:60px\"><hr class=\"kt-divider\" style=\"border-top-color:rgba(238, 238, 238, 1);border-top-width:1px;width:80%;border-top-style:solid\"\/><\/div><\/div>\n\n\n\n<p><strong>\u201eDer Herr braucht sie.\u201c<\/strong><\/p>\n\n\n\n<p><em>(Matth\u00e4usevangelium, Kapitel 21, Vers 3)<\/em><\/p>\n\n\n\n<p>Im Evangelium vom Palmsonntag geht es immer auch um die Eselin, auf die sich Jesus setzt und in die Stadt Jerusalem einreitet. Das Tier und dessen Besitzer waren zur rechten Zeit am rechten Ort, um sich Jesus zur Verf\u00fcgung zu stellen. Worum es da ging, hat aber der Besitzer erst sp\u00e4ter oder vielleicht auch \u00fcberhaupt nicht erfahren. Das kann auch eine m\u00f6gliche Haltung f\u00fcr das sein, was man innerkirchlich \u201ePassantenpastoral\u201c nennt: Zur rechten Zeit am rechten Ort (hier auf der Stra\u00dfe, oder im Park) sein, damit Jesus (m\u00f6glicherweise) diese Eselin benutzt, um zu seinen Menschen zu gelangen.<\/p>\n\n\n<style>.wp-block-kadence-spacer.kt-block-spacer-_c0e369-fa .kt-block-spacer{height:60px;}.wp-block-kadence-spacer.kt-block-spacer-_c0e369-fa .kt-divider{border-top-width:1px;height:1px;border-top-color:#eee;width:80%;border-top-style:solid;}<\/style>\n<div class=\"wp-block-kadence-spacer aligncenter kt-block-spacer-_c0e369-fa\"><div class=\"kt-block-spacer kt-block-spacer-halign-center\" style=\"height:60px\"><hr class=\"kt-divider\" style=\"border-top-color:rgba(238, 238, 238, 1);border-top-width:1px;width:80%;border-top-style:solid\"\/><\/div><\/div>\n\n\n\n<p><strong>\u201eWer meine Gebote hat und sie h\u00e4lt, der ist es, der mich liebt.\u201c<\/strong><\/p>\n\n\n\n<p><em>(Johannesevangelium, Kapitel 14, Vers 21)<\/em><\/p>\n\n\n\n<p>Was bedeutet \u201eseine Gebote halten\u201c? Im Kern geht es darum, was im Englischen \u201esharing the values\u201c genannt wird. Das was Jesus am Herzen liegt, das will ich teilen, es ist auch f\u00fcr mich wichtig und dient mir als Orientierung. Das aber ist seine Liebe, seine unzertrennliche Verbundenheit mit den Menschen. Sie ist nichts Geringeres als das Fundament unseres Zusammenlebens, der Gesellschaft und Kultur, in der wir aufgewachsen sind, und die wir f\u00fcr selbstverst\u00e4ndlich nehmen. Indem wir aber heute dabei sind, das, was Jesus wert ist, zu vergessen, tragen wir zur Zerst\u00f6rung unseres Fundaments bei. Wo aber sollte jetzt die Kirche sein? Nicht nur in den Gottesh\u00e4usern, sondern &#8211; so wie es in ihren vielen karitativen Initiativen und Einrichtungen geschieht &#8211; da, wo Menschen in Not sind.<\/p>\n\n\n<style>.wp-block-kadence-spacer.kt-block-spacer-_b5cff5-07 .kt-block-spacer{height:60px;}.wp-block-kadence-spacer.kt-block-spacer-_b5cff5-07 .kt-divider{border-top-width:1px;height:1px;border-top-color:#eee;width:80%;border-top-style:solid;}<\/style>\n<div class=\"wp-block-kadence-spacer aligncenter kt-block-spacer-_b5cff5-07\"><div class=\"kt-block-spacer kt-block-spacer-halign-center\" style=\"height:60px\"><hr class=\"kt-divider\" style=\"border-top-color:rgba(238, 238, 238, 1);border-top-width:1px;width:80%;border-top-style:solid\"\/><\/div><\/div>\n\n\n\n<p><strong>\u201eZach\u00e4us, heute muss ich in deinem Haus zu Gast sein.\u201c<\/strong><\/p>\n\n\n\n<p><em>(Lukasevangelium, Kapitel 19, Vers 5b)<\/em><\/p>\n\n\n\n<p>Jesus gibt einen atemberaubenden Einblick in seine \u201ePassantenpastoral\u201c. Der reiche Zollp\u00e4chter Zach\u00e4us m\u00f6chte Jesus sehen, als er h\u00f6rte, dass er sich gerade in der Stadt aufh\u00e4lt. So klettert er auf einen Baum am Wegesrand und erf\u00e4hrt zu seiner allergr\u00f6\u00dften \u00dcberraschung, dass Jesus ihn pers\u00f6nlich ruft. Wie aber spricht Jesus ihn an? \u201eHeute muss ich bei dir zu Gast sein!\u201c Jesus macht sich selbst gegen\u00fcber Zach\u00e4us bed\u00fcrftig, f\u00fcr ihn selbst, nicht f\u00fcr Zach\u00e4us ist es wichtig, dass er zu ihm kommen kann. Das ist die \u201eMethode\u201c, die Jesus uns hier aufzeigt: Dem Fremden, dem Passanten zu sagen, \u201eIch brauche dich\u201c. Dagegen laufen unsere Methoden bei der von der Kirche organisierten City-Pastoral genau andersherum. Wir wollen etwas anbieten, sei es eine Postkarte, eine Kerze, ein Konzert in der \u201eKulturkirche\u201c\u2026 und damit signalisieren, dass wir etwas bieten, was der andere gut brauchen k\u00f6nnte. Aber in Wirklichkeit kann damit der andere m\u00f6glicherweise gar nichts anfangen.<\/p>\n\n\n<style>.wp-block-kadence-spacer.kt-block-spacer-_0aa020-e4 .kt-block-spacer{height:60px;}.wp-block-kadence-spacer.kt-block-spacer-_0aa020-e4 .kt-divider{border-top-width:1px;height:1px;border-top-color:#eee;width:80%;border-top-style:solid;}<\/style>\n<div class=\"wp-block-kadence-spacer aligncenter kt-block-spacer-_0aa020-e4\"><div class=\"kt-block-spacer kt-block-spacer-halign-center\" style=\"height:60px\"><hr class=\"kt-divider\" style=\"border-top-color:rgba(238, 238, 238, 1);border-top-width:1px;width:80%;border-top-style:solid\"\/><\/div><\/div>\n\n\n\n<p><strong>\u201eIn jener Zeit, als Jesus in die N\u00e4he von Jericho kam, sa\u00df ein Blinder an der Stra\u00dfe und bettelte. Er h\u00f6rte, dass viele Menschen vorbeigingen, und fragte: Was hat das zu bedeuten? Man sagte ihm: Jesus von Nazareth geht vor\u00fcber. Da rief er: Jesus, Sohn Davids, hab Erbarmen mit mir!\u201c<\/strong><\/p>\n\n\n\n<p><em>(Lukasevangelium, Kapitel 18, Verse 35-38)<\/em><\/p>\n\n\n\n<p>Jesus kommt an einen Ort und verl\u00e4sst ihn wieder. W\u00e4hrend er dort ist, trifft er auf Menschen. Oftmals ergeben sich diese Begegnungen eher zuf\u00e4llig. Jesus hat selbst keinerlei Strategie entwickelt, wie er m\u00f6glichst viele Bewohner des jeweiligen Ortes erreichen k\u00f6nnte. Er kam einfach, war dort und ging wieder. F\u00fcr die City-Pastoral ist dieses Vorbild Jesu entlastend. Denn es ist keineswegs zwingend erforderlich, in der City m\u00f6glichst lange und m\u00f6glichst oft da zu sein (etwa durch einen permanent betriebenen Kirchenladen). Zu den Passanten hingehen und bei ihnen da sein k\u00f6nnen richtet sich einfach danach, was momentan m\u00f6glich ist. Das \u201eZiel\u201c ist aber nichts Geringeres als die Gottesbegegnung, die Erfahrung, die der Mensch macht, indem er erkennt: Jesus ist da! Diese Begegnung l\u00e4sst sich nicht \u201emachen\u201c, sie ist unverf\u00fcgbares Geschenk Gottes und bedarf der Offenheit des Menschen. City-Pastoral macht es sich zur Aufgabe, \u201eR\u00e4ume\u201c zu schaffen, in denen Begegnung geschehen kann. Im Bild des Evangeliums ist sie es, die dem Menschen auf der Stra\u00dfe sagt: \u201eDa geht Jesus von Nazareth vor\u00fcber.\u201c<\/p>\n","protected":false},"excerpt":{"rendered":"<p>Mut fassen | Mut machen Die Begegnungen, Erfahrungen, Gespr\u00e4che an der \u201eKirche am Platz\u201c, aber genauso die mit dieser T\u00e4tigkeit einhergehenden Entt\u00e4uschungen bringen mich in unmittelbaren Kontakt zu Worten aus der Bibel. Dabei wird klar: Das Evangelium ist mehr als &hellip;<\/p>\n<p class=\"read-more\"> <a class=\"more-link\" href=\"https:\/\/kircheamplatz.de\/?page_id=67\"> <span class=\"screen-reader-text\">Biblische Impulse<\/span> Weiterlesen &raquo;<\/a><\/p>\n","protected":false},"author":1,"featured_media":0,"parent":0,"menu_order":0,"comment_status":"closed","ping_status":"closed","template":"","meta":{"ngg_post_thumbnail":0,"footnotes":""},"class_list":["post-67","page","type-page","status-publish","hentry"],"yoast_head":"<!-- This site is optimized with the Yoast SEO plugin v27.5 - https:\/\/yoast.com\/product\/yoast-seo-wordpress\/ -->\n<title>Biblische Impulse - Kirche am Platz<\/title>\n<meta name=\"description\" content=\"Biblische Impulse, die Mut machen, aus den Kirchen herauszugehen und mit Menschen in Kontakt zu kommen versuchen.\" \/>\n<meta name=\"robots\" content=\"index, follow, max-snippet:-1, max-image-preview:large, max-video-preview:-1\" \/>\n<link rel=\"canonical\" href=\"https:\/\/kircheamplatz.de\/?page_id=67\" \/>\n<meta property=\"og:locale\" content=\"de_DE\" \/>\n<meta property=\"og:type\" content=\"article\" \/>\n<meta property=\"og:title\" content=\"Biblische Impulse - Kirche am Platz\" \/>\n<meta property=\"og:description\" content=\"Biblische Impulse, die Mut machen, aus den Kirchen herauszugehen und mit Menschen in Kontakt zu kommen versuchen.\" \/>\n<meta property=\"og:url\" content=\"https:\/\/kircheamplatz.de\/?page_id=67\" \/>\n<meta property=\"og:site_name\" content=\"Kirche am Platz\" \/>\n<meta property=\"article:modified_time\" content=\"2021-05-16T20:23:29+00:00\" \/>\n<meta property=\"og:image\" content=\"https:\/\/kircheamplatz.de\/wp-content\/uploads\/2021\/05\/2019-06-15-Dorfplatzfest-Bettenhausen-20190615_164325.jpg\" \/>\n<meta name=\"twitter:card\" content=\"summary_large_image\" \/>\n<meta name=\"twitter:label1\" content=\"Gesch\u00e4tzte Lesezeit\" \/>\n\t<meta name=\"twitter:data1\" content=\"10\u00a0Minuten\" \/>\n<script type=\"application\/ld+json\" class=\"yoast-schema-graph\">{\"@context\":\"https:\\\/\\\/schema.org\",\"@graph\":[{\"@type\":\"WebPage\",\"@id\":\"https:\\\/\\\/kircheamplatz.de\\\/?page_id=67\",\"url\":\"https:\\\/\\\/kircheamplatz.de\\\/?page_id=67\",\"name\":\"Biblische Impulse - Kirche am Platz\",\"isPartOf\":{\"@id\":\"https:\\\/\\\/kircheamplatz.de\\\/#website\"},\"primaryImageOfPage\":{\"@id\":\"https:\\\/\\\/kircheamplatz.de\\\/?page_id=67#primaryimage\"},\"image\":{\"@id\":\"https:\\\/\\\/kircheamplatz.de\\\/?page_id=67#primaryimage\"},\"thumbnailUrl\":\"https:\\\/\\\/kircheamplatz.de\\\/wp-content\\\/uploads\\\/2021\\\/05\\\/2019-06-15-Dorfplatzfest-Bettenhausen-20190615_164325.jpg\",\"datePublished\":\"2021-05-14T16:33:10+00:00\",\"dateModified\":\"2021-05-16T20:23:29+00:00\",\"description\":\"Biblische Impulse, die Mut machen, aus den Kirchen herauszugehen und mit Menschen in Kontakt zu kommen versuchen.\",\"breadcrumb\":{\"@id\":\"https:\\\/\\\/kircheamplatz.de\\\/?page_id=67#breadcrumb\"},\"inLanguage\":\"de\",\"potentialAction\":[{\"@type\":\"ReadAction\",\"target\":[\"https:\\\/\\\/kircheamplatz.de\\\/?page_id=67\"]}]},{\"@type\":\"ImageObject\",\"inLanguage\":\"de\",\"@id\":\"https:\\\/\\\/kircheamplatz.de\\\/?page_id=67#primaryimage\",\"url\":\"https:\\\/\\\/kircheamplatz.de\\\/wp-content\\\/uploads\\\/2021\\\/05\\\/2019-06-15-Dorfplatzfest-Bettenhausen-20190615_164325.jpg\",\"contentUrl\":\"https:\\\/\\\/kircheamplatz.de\\\/wp-content\\\/uploads\\\/2021\\\/05\\\/2019-06-15-Dorfplatzfest-Bettenhausen-20190615_164325.jpg\",\"width\":2000,\"height\":1143,\"caption\":\"Kirche am Platz Dorfplatzfest Kassel-Bettenhausen 2019\"},{\"@type\":\"BreadcrumbList\",\"@id\":\"https:\\\/\\\/kircheamplatz.de\\\/?page_id=67#breadcrumb\",\"itemListElement\":[{\"@type\":\"ListItem\",\"position\":1,\"name\":\"Startseite\",\"item\":\"https:\\\/\\\/kircheamplatz.de\\\/\"},{\"@type\":\"ListItem\",\"position\":2,\"name\":\"Biblische Impulse\"}]},{\"@type\":\"WebSite\",\"@id\":\"https:\\\/\\\/kircheamplatz.de\\\/#website\",\"url\":\"https:\\\/\\\/kircheamplatz.de\\\/\",\"name\":\"Kirche am Platz\",\"description\":\"Kirchliche Pr\u00e4senz im \u00f6ffentlichen Raum (Dietrich Fr\u00f6ba, Diakon, kath., Kassel)\",\"publisher\":{\"@id\":\"https:\\\/\\\/kircheamplatz.de\\\/#\\\/schema\\\/person\\\/a12a77ac0f78a22ffe3a33e74da0d185\"},\"potentialAction\":[{\"@type\":\"SearchAction\",\"target\":{\"@type\":\"EntryPoint\",\"urlTemplate\":\"https:\\\/\\\/kircheamplatz.de\\\/?s={search_term_string}\"},\"query-input\":{\"@type\":\"PropertyValueSpecification\",\"valueRequired\":true,\"valueName\":\"search_term_string\"}}],\"inLanguage\":\"de\"},{\"@type\":[\"Person\",\"Organization\"],\"@id\":\"https:\\\/\\\/kircheamplatz.de\\\/#\\\/schema\\\/person\\\/a12a77ac0f78a22ffe3a33e74da0d185\",\"name\":\"DFR\",\"image\":{\"@type\":\"ImageObject\",\"inLanguage\":\"de\",\"@id\":\"https:\\\/\\\/kircheamplatz.de\\\/wp-content\\\/uploads\\\/2021\\\/05\\\/cropped-2020-02-12-Banner-Zeichen-geben-quer-sw-ohne-web.jpg\",\"url\":\"https:\\\/\\\/kircheamplatz.de\\\/wp-content\\\/uploads\\\/2021\\\/05\\\/cropped-2020-02-12-Banner-Zeichen-geben-quer-sw-ohne-web.jpg\",\"contentUrl\":\"https:\\\/\\\/kircheamplatz.de\\\/wp-content\\\/uploads\\\/2021\\\/05\\\/cropped-2020-02-12-Banner-Zeichen-geben-quer-sw-ohne-web.jpg\",\"width\":1000,\"height\":221,\"caption\":\"DFR\"},\"logo\":{\"@id\":\"https:\\\/\\\/kircheamplatz.de\\\/wp-content\\\/uploads\\\/2021\\\/05\\\/cropped-2020-02-12-Banner-Zeichen-geben-quer-sw-ohne-web.jpg\"},\"sameAs\":[\"https:\\\/\\\/kircheamplatz.de\"]}]}<\/script>\n<!-- \/ Yoast SEO plugin. -->","yoast_head_json":{"title":"Biblische Impulse - Kirche am Platz","description":"Biblische Impulse, die Mut machen, aus den Kirchen herauszugehen und mit Menschen in Kontakt zu kommen versuchen.","robots":{"index":"index","follow":"follow","max-snippet":"max-snippet:-1","max-image-preview":"max-image-preview:large","max-video-preview":"max-video-preview:-1"},"canonical":"https:\/\/kircheamplatz.de\/?page_id=67","og_locale":"de_DE","og_type":"article","og_title":"Biblische Impulse - Kirche am Platz","og_description":"Biblische Impulse, die Mut machen, aus den Kirchen herauszugehen und mit Menschen in Kontakt zu kommen versuchen.","og_url":"https:\/\/kircheamplatz.de\/?page_id=67","og_site_name":"Kirche am Platz","article_modified_time":"2021-05-16T20:23:29+00:00","og_image":[{"url":"https:\/\/kircheamplatz.de\/wp-content\/uploads\/2021\/05\/2019-06-15-Dorfplatzfest-Bettenhausen-20190615_164325.jpg","type":"","width":"","height":""}],"twitter_card":"summary_large_image","twitter_misc":{"Gesch\u00e4tzte Lesezeit":"10\u00a0Minuten"},"schema":{"@context":"https:\/\/schema.org","@graph":[{"@type":"WebPage","@id":"https:\/\/kircheamplatz.de\/?page_id=67","url":"https:\/\/kircheamplatz.de\/?page_id=67","name":"Biblische Impulse - Kirche am Platz","isPartOf":{"@id":"https:\/\/kircheamplatz.de\/#website"},"primaryImageOfPage":{"@id":"https:\/\/kircheamplatz.de\/?page_id=67#primaryimage"},"image":{"@id":"https:\/\/kircheamplatz.de\/?page_id=67#primaryimage"},"thumbnailUrl":"https:\/\/kircheamplatz.de\/wp-content\/uploads\/2021\/05\/2019-06-15-Dorfplatzfest-Bettenhausen-20190615_164325.jpg","datePublished":"2021-05-14T16:33:10+00:00","dateModified":"2021-05-16T20:23:29+00:00","description":"Biblische Impulse, die Mut machen, aus den Kirchen herauszugehen und mit Menschen in Kontakt zu kommen versuchen.","breadcrumb":{"@id":"https:\/\/kircheamplatz.de\/?page_id=67#breadcrumb"},"inLanguage":"de","potentialAction":[{"@type":"ReadAction","target":["https:\/\/kircheamplatz.de\/?page_id=67"]}]},{"@type":"ImageObject","inLanguage":"de","@id":"https:\/\/kircheamplatz.de\/?page_id=67#primaryimage","url":"https:\/\/kircheamplatz.de\/wp-content\/uploads\/2021\/05\/2019-06-15-Dorfplatzfest-Bettenhausen-20190615_164325.jpg","contentUrl":"https:\/\/kircheamplatz.de\/wp-content\/uploads\/2021\/05\/2019-06-15-Dorfplatzfest-Bettenhausen-20190615_164325.jpg","width":2000,"height":1143,"caption":"Kirche am Platz Dorfplatzfest Kassel-Bettenhausen 2019"},{"@type":"BreadcrumbList","@id":"https:\/\/kircheamplatz.de\/?page_id=67#breadcrumb","itemListElement":[{"@type":"ListItem","position":1,"name":"Startseite","item":"https:\/\/kircheamplatz.de\/"},{"@type":"ListItem","position":2,"name":"Biblische Impulse"}]},{"@type":"WebSite","@id":"https:\/\/kircheamplatz.de\/#website","url":"https:\/\/kircheamplatz.de\/","name":"Kirche am Platz","description":"Kirchliche Pr\u00e4senz im \u00f6ffentlichen Raum (Dietrich Fr\u00f6ba, Diakon, kath., Kassel)","publisher":{"@id":"https:\/\/kircheamplatz.de\/#\/schema\/person\/a12a77ac0f78a22ffe3a33e74da0d185"},"potentialAction":[{"@type":"SearchAction","target":{"@type":"EntryPoint","urlTemplate":"https:\/\/kircheamplatz.de\/?s={search_term_string}"},"query-input":{"@type":"PropertyValueSpecification","valueRequired":true,"valueName":"search_term_string"}}],"inLanguage":"de"},{"@type":["Person","Organization"],"@id":"https:\/\/kircheamplatz.de\/#\/schema\/person\/a12a77ac0f78a22ffe3a33e74da0d185","name":"DFR","image":{"@type":"ImageObject","inLanguage":"de","@id":"https:\/\/kircheamplatz.de\/wp-content\/uploads\/2021\/05\/cropped-2020-02-12-Banner-Zeichen-geben-quer-sw-ohne-web.jpg","url":"https:\/\/kircheamplatz.de\/wp-content\/uploads\/2021\/05\/cropped-2020-02-12-Banner-Zeichen-geben-quer-sw-ohne-web.jpg","contentUrl":"https:\/\/kircheamplatz.de\/wp-content\/uploads\/2021\/05\/cropped-2020-02-12-Banner-Zeichen-geben-quer-sw-ohne-web.jpg","width":1000,"height":221,"caption":"DFR"},"logo":{"@id":"https:\/\/kircheamplatz.de\/wp-content\/uploads\/2021\/05\/cropped-2020-02-12-Banner-Zeichen-geben-quer-sw-ohne-web.jpg"},"sameAs":["https:\/\/kircheamplatz.de"]}]}},"_links":{"self":[{"href":"https:\/\/kircheamplatz.de\/index.php?rest_route=\/wp\/v2\/pages\/67","targetHints":{"allow":["GET"]}}],"collection":[{"href":"https:\/\/kircheamplatz.de\/index.php?rest_route=\/wp\/v2\/pages"}],"about":[{"href":"https:\/\/kircheamplatz.de\/index.php?rest_route=\/wp\/v2\/types\/page"}],"author":[{"embeddable":true,"href":"https:\/\/kircheamplatz.de\/index.php?rest_route=\/wp\/v2\/users\/1"}],"replies":[{"embeddable":true,"href":"https:\/\/kircheamplatz.de\/index.php?rest_route=%2Fwp%2Fv2%2Fcomments&post=67"}],"version-history":[{"count":8,"href":"https:\/\/kircheamplatz.de\/index.php?rest_route=\/wp\/v2\/pages\/67\/revisions"}],"predecessor-version":[{"id":145,"href":"https:\/\/kircheamplatz.de\/index.php?rest_route=\/wp\/v2\/pages\/67\/revisions\/145"}],"wp:attachment":[{"href":"https:\/\/kircheamplatz.de\/index.php?rest_route=%2Fwp%2Fv2%2Fmedia&parent=67"}],"curies":[{"name":"wp","href":"https:\/\/api.w.org\/{rel}","templated":true}]}}